{"id":10861,"date":"2023-04-13T01:19:04","date_gmt":"2023-04-12T23:19:04","guid":{"rendered":"https:\/\/www.hc-sulzburg.de\/?page_id=10861"},"modified":"2026-01-03T23:47:22","modified_gmt":"2026-01-03T22:47:22","slug":"die-akkordeonlehrerin","status":"publish","type":"page","link":"https:\/\/www.hc-sulzburg.de\/?page_id=10861","title":{"rendered":"die Akkordeonausbilderin"},"content":{"rendered":"\n<div class=\"wp-block-columns is-layout-flex wp-container-core-columns-is-layout-9d6595d7 wp-block-columns-is-layout-flex\">\n<div class=\"wp-block-column is-layout-flow wp-block-column-is-layout-flow\"><div class=\"wp-block-image\">\n<figure class=\"aligncenter size-large\"><a href=\"https:\/\/hc-sulzburg.de\/wp-content\/uploads\/Vereinsbild\/birgit_sablowski.jpg\"><img decoding=\"async\" src=\"https:\/\/hc-sulzburg.de\/wp-content\/uploads\/Vereinsbild\/birgit_sablowski.jpg\" alt=\"\"\/><\/a><\/figure>\n<\/div><\/div>\n\n\n\n<div class=\"wp-block-column is-vertically-aligned-top is-layout-flow wp-block-column-is-layout-flow\">\n<p><strong>Birgit Sablowski<\/strong> ist eine sehr bekannte und gesch\u00e4tzte Dirigentin im s\u00fcdbadischen Raum.<\/p>\n<\/div>\n<\/div>\n\n\n\n<p>Nur wenige k\u00f6nnen auf einen solch gro\u00dfen Erfahrungsschatz und so viele Erfolge zur\u00fcckblicken, wie Birgit. Um so mehr freut es uns, dass sie f\u00fcr unseren Verein eine Jugend- und Ausbildungsoffensive startet und wir eine weitere hochkar\u00e4tige Ausbilderin am Akkordeon f\u00fcr unsre umliegende Gemeinden und Schulen anbieten k\u00f6nnen.<\/p>\n\n\n\n<p>Hier eine tabellarische Skizze ihrer musikalischen Stationen:<\/p>\n\n\n\n<figure class=\"wp-block-table hc-table\">\n<table>\n<tbody>\n<tr><td>seit 2023<\/td><td>Akkordeonausbilderin f\u00fcr den HC-Sulzburg<\/td><\/tr>\n<tr><td>seit 2021<\/td><td>Akkordeonistin in der International Folkgruppe <a href=\"https:\/\/www.facebook.com\/Trioranjes\/?locale=de_DE\" target=\"_blank\" rel=\"noopener noreferrer\">\u201eTriOranjes\u201c<\/a><\/td><\/tr>\n<tr><td>2019<\/td><td>Konzertreise nach China (Shanghai\/Wuxi)<\/td><\/tr>\n<tr><td>2018<\/td><td>Konzertreise nach Greox les Bains mit dem HAC Bad Krozingen<\/td><\/tr>\n<tr><td>2018<\/td><td>Spielerin im <a href=\"https:\/\/sakkoh.de\/\" target=\"_blank\" rel=\"noopener noreferrer\">Sinfonischen Landes Orchester Hessen<\/a> (SAkkOH)<\/td><\/tr>\n<tr><td>seit 2017<\/td><td>Saxophon Unterricht<\/td><\/tr>\n<tr><td>2016, 2019<\/td><td>Teilnahme mit jeweils zwei Spielgemeinschaften beim WMF-Innsbruck<\/td><\/tr>\n<tr><td>2015, 2017, 2019<\/td><td>Spielerin im Bezirksorchester Staufen<\/td><\/tr>\n<tr><td>seit 2014<\/td><td>Akkordeonausbilderin bei der <a href=\"https:\/\/akkordeon-gilde-freiburg.de\/\" target=\"_blank\" rel=\"noopener noreferrer\">Akkordeon Gilde Freiburg<\/a><\/td><\/tr>\n<tr><td>2013<\/td><td>3. Preistr\u00e4ger WMF Innsbruck in der Oberstufe mit dem Gemeinschaftsorchester Bad Krozingen und M\u00fcnstertal<\/td><\/tr>\n<tr><td>2011, 2012, 2022<\/td><td>Spielerin im Bundes Akkordeon Orchester (BuAkkO) <a href=\"https:\/\/www.buakko.de\/\" target=\"_blank\" rel=\"noopener noreferrer\">www.buakko.de<\/a><\/td><\/tr>\n<tr><td>2008<\/td><td>Sommerorchester der \u201eAkkordeon Jugend Baden-W\u00fcrttemberg\u201c (Konzertreise Rum\u00e4nien)<\/td><\/tr>\n<tr><td>2004<\/td><td>1. Preistr\u00e4ger des Musikpreises der Stadt Waldbronn mit dem HAC Bad Krozingen in der H\u00f6chststufe<\/td><\/tr>\n<tr><td>seit 2002<\/td><td>Lehrerin f\u00fcr Melodika und Glockenspiel in den ersten beiden Grundschulklassen als freiwillige AG (\u201ePanpan\u201c Konzept <\/td><\/tr>\n<tr><td>seit 1998<\/td><td>Spielerin im Markgr\u00e4fler Akkordeonensemble (Bass)<br>(1. Preistr\u00e4ger World Music Festival Innsbruck 2001, 2004 und 2007\nin der H\u00f6chststufe)<\/td><\/tr>\n<tr><td>1998<\/td><td>Leiterin Akkordeon Ensemble HAC Bad Krozingen<br>(1. Sieger beim World Music Festival in Innsbruck)<\/td><\/tr>\n<tr><td>1994-1995<\/td><td>Spielerin im Kammerensemble Freiburg<\/td><\/tr>\n<tr><td>1992-2022<\/td><td>Dirigentin beim HAC Bad Krozingen, Leitung verschiedener Orchester und Spielgruppen: Konzertorchester, Seniorenspielgruppe, Jugendensemble<\/td><\/tr>\n<tr><td>1991-1992<\/td><td>Dirigentin beim AC Freiamt<\/td><\/tr>\n<tr><td>1988-1989<\/td><td>Akkordeonistin bei der Tango Gruppe \u201eComet Combo\u201c<\/td><\/tr>\n<tr><td>1985-1991<\/td><td>Dirigentin beim HHV Ehrenstetten<\/td><\/tr>\n<tr><td>seit 1985<\/td><td>Privatlehrerin f\u00fcr Klavier<\/td><\/tr>\n<tr><td>1984-1992<\/td><td>Spielerin im Merzhausener Akkordeon Ensemble\n(Konzertreise USA, Schweiz, CDs, Rundfunk und Fernsehaufnahmen)<\/td><\/tr>\n<tr><td>1984-1994<\/td><td>Anstellung bei der JMS Markgr\u00e4flerland und JMS Westlicher Kaiserstuhl<\/td><\/tr>\n<tr><td>1980-1984<\/td><td>Musikstudium mit Hauptfach Akkordeon und den Nebenf\u00e4chern Klavier und Gitarre am Hohner Konservatorium in Trossingen\n(ehemals St\u00e4dtische Musikschule)<\/td><\/tr>\n<tr><td>1974-1980<\/td><td>Akkordeonunterricht<\/td><\/tr>\n<tr><td>1970-1974<\/td><td>Unterricht in Blockfl\u00f6te und Altfl\u00f6te<\/td><\/tr>\n<\/tbody>\n<\/table>\n<\/figure>\n\n\n\n<p>Stand: 04.2023<\/p>\n","protected":false},"excerpt":{"rendered":"<p>Birgit Sablowski ist eine sehr bekannte und gesch\u00e4tzte Dirigentin im s\u00fcdbadischen Raum. Nur wenige k\u00f6nnen auf einen solch gro\u00dfen Erfahrungsschatz und so viele Erfolge zur\u00fcckblicken, wie Birgit. Um so mehr freut es uns, dass sie f\u00fcr unseren Verein eine Jugend- &hellip; <a href=\"https:\/\/www.hc-sulzburg.de\/?page_id=10861\">Weiterlesen <span class=\"meta-nav\">&rarr;<\/span><\/a><\/p>\n","protected":false},"author":53,"featured_media":7953,"parent":0,"menu_order":0,"comment_status":"closed","ping_status":"closed","template":"","meta":{"footnotes":""},"class_list":["post-10861","page","type-page","status-publish","has-post-thumbnail","hentry"],"publishpress_future_action":{"enabled":false,"date":"2026-05-08 15:49:14","action":"change-status","newStatus":"draft","terms":[],"taxonomy":"","extraData":[]},"publishpress_future_workflow_manual_trigger":{"enabledWorkflows":[]},"_links":{"self":[{"href":"https:\/\/www.hc-sulzburg.de\/index.php?rest_route=\/wp\/v2\/pages\/10861","targetHints":{"allow":["GET"]}}],"collection":[{"href":"https:\/\/www.hc-sulzburg.de\/index.php?rest_route=\/wp\/v2\/pages"}],"about":[{"href":"https:\/\/www.hc-sulzburg.de\/index.php?rest_route=\/wp\/v2\/types\/page"}],"author":[{"embeddable":true,"href":"https:\/\/www.hc-sulzburg.de\/index.php?rest_route=\/wp\/v2\/users\/53"}],"replies":[{"embeddable":true,"href":"https:\/\/www.hc-sulzburg.de\/index.php?rest_route=%2Fwp%2Fv2%2Fcomments&post=10861"}],"version-history":[{"count":0,"href":"https:\/\/www.hc-sulzburg.de\/index.php?rest_route=\/wp\/v2\/pages\/10861\/revisions"}],"wp:featuredmedia":[{"embeddable":true,"href":"https:\/\/www.hc-sulzburg.de\/index.php?rest_route=\/wp\/v2\/media\/7953"}],"wp:attachment":[{"href":"https:\/\/www.hc-sulzburg.de\/index.php?rest_route=%2Fwp%2Fv2%2Fmedia&parent=10861"}],"curies":[{"name":"wp","href":"https:\/\/api.w.org\/{rel}","templated":true}]}}