{"id":12015,"date":"2026-01-03T02:11:19","date_gmt":"2026-01-03T01:11:19","guid":{"rendered":"https:\/\/www.hc-sulzburg.de\/?page_id=12015"},"modified":"2026-01-04T19:42:14","modified_gmt":"2026-01-04T18:42:14","slug":"der-dirigent-2","status":"publish","type":"page","link":"https:\/\/www.hc-sulzburg.de\/?page_id=12015","title":{"rendered":"der Dirigent"},"content":{"rendered":"\n<div class=\"wp-block-columns is-layout-flex wp-container-core-columns-is-layout-9d6595d7 wp-block-columns-is-layout-flex\">\n<div class=\"wp-block-column is-layout-flow wp-block-column-is-layout-flow\" style=\"flex-basis:66.66%\">\n<figure class=\"wp-block-image size-large\"><a href=\"https:\/\/www.hc-sulzburg.de\/wp-content\/uploads\/Vereinsbild\/Laurent_Colombo.jpg\"><img decoding=\"async\" src=\"https:\/\/www.hc-sulzburg.de\/wp-content\/uploads\/Vereinsbild\/Laurent_Colombo.jpg\" alt=\"\"\/><\/a><\/figure>\n<\/div>\n\n\n\n<div class=\"wp-block-column is-layout-flow wp-block-column-is-layout-flow\" style=\"flex-basis:33.33%\">\n<p><strong>Laurent Colombo<\/strong>, ist seit September 2024 Dirigent und musikalischer Leiter des Konzertorchesters.<\/p>\n<\/div>\n<\/div>\n\n\n\n<p>Laurent ist geb\u00fcrtiger Els\u00e4sser und lebt mit seiner Familie im idyllisch gelegenen Ranspach in den Vogesen. Von dort macht er sich jeden Dienstag Abend auf den Weg nach Sulzburg, um mit seiner vergn\u00fcgt els\u00e4ssisch-franz\u00f6sischen Art unsere Proben zu gestalten. Das ist nur ein Teil seiner \u00fcberregionalen T\u00e4tigkeit im Dreil\u00e4ndereck, z.B. unterrichtet er an seiner Musikschule <a href=\"https:\/\/www.facebook.com\/lechaletmusical\/photos\" target=\"_blank\" rel=\"noreferrer noopener\">Le Chalet Musical in Ranspach und Wentzwiller<\/a>, dirigiert den <a href=\"https:\/\/www.musikverein-sulz.de\/\" data-type=\"link\" data-id=\"https:\/\/www.musikverein-sulz.de\/\">Musikverein Sulz<\/a> bei Lahr und die <a href=\"https:\/\/www.vhs-kuettigen.ch\/\">Vereinigte Harmonika-Spieler (VHS) K\u00fcttigen-Erlinsbach<\/a> in der Schweiz.<\/p>\n\n\n\n<p>Laurent studierte am <a href=\"https:\/\/www.conservatoiredeparis.fr\/fr\">Conservatoire National Sup\u00e9rieur de Musique et de Danse de Paris<\/a>, bei Gr\u00f6\u00dfen wie <a href=\"https:\/\/de.wikipedia.org\/wiki\/Pierre-Andr%C3%A9_Valade\" target=\"_blank\" rel=\"noreferrer noopener\">Pierre-Andr\u00e9 Valade<\/a> oder <a href=\"https:\/\/de.wikipedia.org\/wiki\/Pierre_Boulez\" target=\"_blank\" rel=\"noreferrer noopener\">Pierre Boulez<\/a>, hat ein Staatsdiplom Akkordeon, ein Lehrdiplom Saxophon und spielt auch Trompete, Klarinette und Klavier. Zu seinen bekannteren Lehrern z\u00e4hlen u.a. <a href=\"https:\/\/en.wikipedia.org\/wiki\/Laurent_Cabasso\" target=\"_blank\" rel=\"noreferrer noopener\">Laurent Cabasso<\/a>, <a href=\"https:\/\/de.wikipedia.org\/wiki\/Claude_Delangle\" data-type=\"link\" data-id=\"https:\/\/de.wikipedia.org\/wiki\/Claude_Delangle\" target=\"_blank\" rel=\"noreferrer noopener\">Claude Delangle<\/a> oder <a href=\"https:\/\/de.wikipedia.org\/wiki\/Friedrich_Lips\" target=\"_blank\" rel=\"noreferrer noopener\">Friederich Lips<\/a>. Zus\u00e4tzlich arrangiert er gerne, um Musikst\u00fccke f\u00fcr Orchester individuell anzupassen. Seine besondere Leidenschaft gilt dabei choreografischen und kom\u00f6diantischen Finessen.<\/p>\n\n\n\n<p>Einen Einblick in seine Vielf\u00e4ltigkeit gibt <a href=\"https:\/\/www.youtube.com\/@laurentColombo\/videos\" target=\"_blank\" rel=\"noreferrer noopener\">Laurents YouTube Kanal<\/a> und nachfolgender Auszug seiner musikalischen Stationen:<\/p>\n\n\n<div>Mit dem Abspielen akzeptiere ich die <a href=\"https:\/\/www.hc-sulzburg.de\/?page_id=5740#youtube_dsgvo\">YouTube Datenschutzerkl\u00e4rung<\/a><\/div>\n<p><iframe loading=\"lazy\" width=\"560\" height=\"315\" src=\"https:\/\/www.youtube-nocookie.com\/embed\/CtHYd876OCE?si=2qkw__OEVDbfGphR\" title=\"YouTube video player\" frameborder=\"0\" allow=\"accelerometer; autoplay; clipboard-write; encrypted-media; gyroscope; picture-in-picture; web-share\" referrerpolicy=\"strict-origin-when-cross-origin\" allowfullscreen><\/iframe><\/p>\n\n\n\n<figure class=\"wp-block-table hc-table\">\n<table>\n<tbody>\n<tr><td>2012<\/td><td>Lehr Akkreditierung f\u00fcr Klavier und Keyboard durch das <a href=\"https:\/\/cdmcalsace.com\/\" target=\"_blank\" rel=\"noopener noreferrer\">Conseil D\u00e9partemental pour la Musique et la Culture<\/a> (CDMC)<\/td><\/tr>\n<tr><td>2008<\/td><td>Staatsdiplom f\u00fcr das Musikinstrument Akkordeon am ehemaligen Centre de Formation des Enseignants de la Danse et de la Musique (CEFEDEM) Lorraine<\/td><\/tr>\n<tr><td>2006<\/td><td>Hochschulabschluss f\u00fcr das Musikinstrument Akkordeon am <a href=\"https:\/\/www.conservatoiredeparis.fr\/fr\" target=\"_blank\" rel=\"noopener noreferrer\">Conservatoire National Sup\u00e9rieur de Musique et de Danse de Paris<\/a><\/td><\/tr>\n<tr><td>2004<\/td><td>Klaviermusik-Diplom an der <a href=\"https:\/\/www.musik-akademie.ch\/de.html\" target=\"_blank\" rel=\"noopener noreferrer\">Musikakademie Basel<\/a><\/td><\/tr>\n<tr><td>2002<\/td><td>Saxophon-Lehrdiplom an der <a href=\"https:\/\/www.musik-akademie.ch\/de.html\" target=\"_blank\" rel=\"noopener noreferrer\">Musikakademie Basel<\/a> und Saxophonmusik-Diplom am Conservatoire de Colmar<\/td><\/tr>\n<tr><td>2000<\/td><td>1. Preis Klavier in der Kategorie \u00abExzellenz\u00bb und Yolande Couture Preis beim <a href=\"http:\/\/www.concoursinternationalleopoldbellan.fr\/\" target=\"_blank\" rel=\"noopener noreferrer\">Concours International Leopold Bellan<\/a> (Paris)<\/td><\/tr>\n<tr><td>1998<\/td><td>6. Platz in der Kategorie \u00abEhren\u00bb beim <a href=\"https:\/\/www.pifcastelfidardo.it\/?lang=en\" target=\"_blank\" rel=\"noopener noreferrer\">internationalen Akkordeon Wettbewerb in Castelfidardo<\/a>\n(Italien)<\/td><\/tr>\n<tr><td>1997<\/td><td>Baccalaur\u00e9at Technologique S\u00e9rie F11, Disziplin Klavier (franz\u00f6siches Abitur) <\/td><\/tr>\n<tr><td>1996<\/td><td>1. Prix <a href=\"https:\/\/fr.wikipedia.org\/wiki\/Andr%C3%A9_Astier\" target=\"_blank\" rel=\"noopener noreferrer\">Andr\u00e9 Astier<\/a> in der Kategorie \u00abExzellenz\u00bb beim Wettbewerb des <a href=\"https:\/\/www.unaf-asso.com\/\" target=\"_blank\" rel=\"noopener noreferrer\">Nationalverbandes der\nAkkordeonisten Frankreichs<\/a> (Paris)<\/td><\/tr>\n<\/tbody>\n<\/table>\n<\/figure>\n\n\n\n<p><em>Stand: 12.202<\/em>5<\/p>\n\n\n\n<p><\/p>\n","protected":false},"excerpt":{"rendered":"<p>Laurent Colombo, ist seit September 2024 Dirigent und musikalischer Leiter des Konzertorchesters. Laurent ist geb\u00fcrtiger Els\u00e4sser und lebt mit seiner Familie im idyllisch gelegenen Ranspach in den Vogesen. Von dort macht er sich jeden Dienstag Abend auf den Weg nach &hellip; <a href=\"https:\/\/www.hc-sulzburg.de\/?page_id=12015\">Weiterlesen <span class=\"meta-nav\">&rarr;<\/span><\/a><\/p>\n","protected":false},"author":53,"featured_media":0,"parent":0,"menu_order":0,"comment_status":"closed","ping_status":"closed","template":"","meta":{"footnotes":""},"class_list":["post-12015","page","type-page","status-publish","hentry"],"publishpress_future_action":{"enabled":false,"date":"2026-05-08 15:52:44","action":"change-status","newStatus":"draft","terms":[],"taxonomy":"","extraData":[]},"publishpress_future_workflow_manual_trigger":{"enabledWorkflows":[]},"_links":{"self":[{"href":"https:\/\/www.hc-sulzburg.de\/index.php?rest_route=\/wp\/v2\/pages\/12015","targetHints":{"allow":["GET"]}}],"collection":[{"href":"https:\/\/www.hc-sulzburg.de\/index.php?rest_route=\/wp\/v2\/pages"}],"about":[{"href":"https:\/\/www.hc-sulzburg.de\/index.php?rest_route=\/wp\/v2\/types\/page"}],"author":[{"embeddable":true,"href":"https:\/\/www.hc-sulzburg.de\/index.php?rest_route=\/wp\/v2\/users\/53"}],"replies":[{"embeddable":true,"href":"https:\/\/www.hc-sulzburg.de\/index.php?rest_route=%2Fwp%2Fv2%2Fcomments&post=12015"}],"version-history":[{"count":0,"href":"https:\/\/www.hc-sulzburg.de\/index.php?rest_route=\/wp\/v2\/pages\/12015\/revisions"}],"wp:attachment":[{"href":"https:\/\/www.hc-sulzburg.de\/index.php?rest_route=%2Fwp%2Fv2%2Fmedia&parent=12015"}],"curies":[{"name":"wp","href":"https:\/\/api.w.org\/{rel}","templated":true}]}}