{"id":133,"date":"2012-01-10T17:42:20","date_gmt":"2012-01-10T16:42:20","guid":{"rendered":"https:\/\/www.hc-sulzburg.de\/?page_id=133"},"modified":"2026-01-23T23:39:33","modified_gmt":"2026-01-23T22:39:33","slug":"die-chronik","status":"publish","type":"page","link":"https:\/\/www.hc-sulzburg.de\/?page_id=133","title":{"rendered":"die Chronik"},"content":{"rendered":"\n<div style=\"height:20px\" aria-hidden=\"true\" class=\"wp-block-spacer\"><\/div>\n\n\n\n<p>Das Akkordeonorchester ist gemessen an einem Sinfonie- oder Blasmusikorchester noch ein junger und unentdeckter Klangk\u00f6rper. <\/p>\n\n\n\n<p class=\"has-text-align-center\"><a href=\"https:\/\/www.dhv-ev.de\/akkordeon-2\/geschichte-d-akkordeons\/\" target=\"_blank\" rel=\"noreferrer noopener\">Hier eine kurzer Abriss der Akkordeon Gechichte<\/a><\/p>\n\n\n\n<p>Die Wurzeln lassen sich auf das Werksorchester der Instrumentenmanufaktur Matthias Hohner AG zur\u00fcckf\u00fchren. Hermann Schittenhelm war der erste Dirigent mit dem nicht uneigenn\u00fctzigen Ziel, die Hohner-Instrumentenpalette und deren musikalische M\u00f6glichkeiten im Zusammenspiel bekannt zu machen. Die Begeisterung, die seine Konzerte und \u00dcbertragungen im Radio hinterlie\u00dfen, f\u00fchrte zu den ersten Gr\u00fcndungen von Akkordeonorchestern, besonders im s\u00fcddeutschen Raum. Aus dieser Initiative entwickelte sich dann eine eigene Akkordeonkultur.<\/p>\n\n\n\n<p>Schnell kam der Wunsch nach einer Rahmenorganisation mit dem Ziel einer einheitlichen musikalischen Ausbildung und F\u00f6rderung des Akkordeonspielens auf. So wurde der Deutsche Harmonika-Verband als Dachverband einzelner Bezirke gegr\u00fcndet. Durch die Organisation regelm\u00e4\u00dfiger Wettbewerbe konnte eine Basis geschaffen werden, um das Akkordeon aus dem Rampenlicht der Volksmusik auf ein konzertantes Niveau zu entwickeln.<\/p>\n\n\n\n<figure class=\"wp-block-table hc-table\">\n<table>\n<tbody>\n<tr><td>2026<\/td><td>Urauff\u00fchrung <a href=\"https:\/\/www.hc-sulzburg.de\/?page_id=12737\">&#8222;Toy Train&#8220;<\/a> von Peter Ebbinghaus<\/td><\/tr>\n<tr><td>2026<\/td><td>Das Akkordeon wurde zum Instrument des Jahres gew\u00e4hlt<\/td><\/tr>\n<tr><td>2025<\/td><td>29. Mai &#8211; 1. Juni 14. \u201eWorld Music Festival\u201d in Innsbruck Konzertorchester: Erwachsene H\u00f6chststufe, Pr\u00e4dikat \u201eausgezeichnet\u201d<\/td><\/tr>\n<tr><td>2025<\/td><td>13. Mai Bezirkstreffen in Reute<br>Konzertorchester: Erwachsene H\u00f6chststufe, Pr\u00e4dikat \u201ehervorragend\u201d<img decoding=\"async\" class=\"wp-image-7407\" style=\"width: 100%;\" src=\"https:\/\/www.hc-sulzburg.de\/wp-content\/uploads\/Vereinsbild\/reute_25.jpg\" alt=\"\"><\/td><\/tr>\n<tr><td>2025<\/td><td>30. April wir bewirten zum ersten Mal beim Maibaum stellen in Sulzburg und sorgen f\u00fcr Musik<\/td><\/tr>\n<tr><td>2024<\/td><td>Aus beruflichen Gr\u00fcnden verl\u00e4\u00dft im Sommer Silke D&#8217;Inka unseren Verein und Laurent Colombo tirtt im September die Nachfolge an<\/td><\/tr>\n<tr><td>2023<\/td><td>P\u00fcnktlich zum 90. Jubil\u00e4um konnte endlich wieder in gewohnter Weise unser Jahreskonzert stattfinden. Auch unser Fest &#8222;Kurpark in Flammen&#8220; erfreute sich im Sommer wieder gro\u00dfer Beliebtheit<\/td><\/tr>\n<tr><td>2022<\/td><td>Das Jahreskonzert mu\u00dfte Pandemiebedingt ein weiteres Mal abgesagt werden. Im Sommer konnten aber wieder Kurkonzerte stattfinden &#8211; unter anderem auf der Landesgartenschau in Neuenburg &#8211; und am 26. November ein Kirchenkonzert in der St. Cyriak<img decoding=\"async\" class=\"wp-image-7407\" style=\"width: 100%;\" src=\"https:\/\/www.hc-sulzburg.de\/wp-content\/uploads\/Vereinsbild\/landesgartenschau.jpg\" alt=\"\"><\/td><\/tr>\n<tr><td>2021<\/td><td>Das Jahreskonzert im Januar mu\u00dfte abgesagt werden, sowie alle gr\u00f6\u00dferen Veranstaltungen. Nur im Sommer konnten vereinzelt Kur-Konzerte stattfinden. Einziges Trostpflaster war unser YouTube-Projekt <a href=\"https:\/\/youtu.be\/jrnpSfg51YU\">&#8222;Ben Hur&#8220;<\/a>\n<\/td><\/tr>\n<tr><td>2020<\/td><td>Die Covid-19 Pandemie hat den HC Sulzburg fest im Griff<br>Konzerte und Veranstaltungen m\u00fcssen abgesagt werden<br>In dieser Zeit komponiert Silke D&#8217;Inka <a href=\"https:\/\/youtu.be\/2TWhm2LyJzs\">&#8222;Counting the days&#8220;<\/a> und widmet es dem AO M\u00fcnstertal und dem HC Sulzburg<\/td><\/tr>\n<tr><td>2020<\/td><td>28. Januar Jahreskonzert<br>Michael Huck wird Ehrendirigent des HC Sulzburg<br><\/td><\/tr>\n<tr><td>2019<\/td><td>31. Mai &#8211; 2. Juni 13. \u201eWorld Music Festival\u201d in Innsbruck<br>Konzertorchester: Gemischte Besetzung Orchester Erwachsene H\u00f6chststufe, Pr\u00e4dikat \u201ehervorragend\u201d<br><img decoding=\"async\" class=\"wp-image-7407\" style=\"width: 100%;\" src=\"https:\/\/hc-sulzburg.de\/wp-content\/uploads\/Vereinsbild\/Erster_Preis.jpg\" alt=\"\"><\/td><\/tr>\n<tr><td>2019<\/td><td>12. Mai 44. Bezirkstreffen in Endingen<br>Konzertorchester: Offene Kategorie, H\u00f6chststufe, Pr\u00e4dikat \u201ehervorragend\u201d<\/td><\/tr>\n<tr><td>2019<\/td><td>26. Januar Jahreskonzert und Taktstock\u00fcbergabe an Silke D&#8217;Inka<br><img decoding=\"async\" class=\"wp-image-7407\" style=\"width: 100%;\" src=\"https:\/\/www.hc-sulzburg.de\/wp-content\/uploads\/Vereinsbild\/bz_jk19.jpg\" alt=\"\"><\/td><\/tr>\n<tr><td>2018<\/td><td>27. Januar Jubil\u00e4umskonzert zum 85 j\u00e4hrigen Bestehen<\/td><\/tr>\n<tr><td>2017<\/td><td>21.+22. Oktober &#8211; Kirchenkonzert \u201eKlassik in der Kirche\u201d<\/td><\/tr>\n<tr><td>2016<\/td><td>5.-8. Mai &#8211; 12. \u201eWorld Music Festival\u201d in Innsbruck<br>Konzertorchester: H\u00f6chststufe, Pr\u00e4dikat \u201eausgezeichnet\u201d<\/td><\/tr>\n<tr><td>2016<\/td><td>10. April &#8211; 9. Waldbronner Musikpreis<br>Konzertorchester: 1. Platz, H\u00f6chststufe, Pr\u00e4dikat \u201ehervorragend&#8220;<\/td><\/tr>\n<tr><td>2015<\/td><td>19. Juli &#8211; Fu\u00dfballturnier des AC Rheinhausen<br>Erstmals beteiligt sich eine Abordnung des HC Sulzburg an<br>einem Fu\u00dfballturnier f\u00fcr Musiker und erreicht den 4. Platz<img decoding=\"async\" class=\"wp-image-7407\" style=\"width: 100%;\" src=\"https:\/\/www.hc-sulzburg.de\/wp-content\/uploads\/Vereinsbild\/HC_Fussball1.jpg\" alt=\"\"><\/td><\/tr>\n<tr><td>2015<\/td><td>11. Mai &#8211; Bezirkswettbewerb in Reute<br>Konzertorchester: 2. Platz, H\u00f6chststufe, Pr\u00e4dikat \u201ehervorragend\u201d<br>Jugendorchester: 1. Platz, Mittelstufe, Pr\u00e4dikat \u201ehervorragend\u201d <\/td><\/tr>\n<tr><td>2014<\/td><td>19.+25. Oktober &#8211; Kirchenkonzert \u201eKlassik in der Kirche\u201d<\/td><\/tr>\n<tr><td>2014<\/td><td>28. Mai &#8211; 1. Juni 2014 Konzertreise nach Polen<br><img decoding=\"async\" class=\"wp-image-7407\" style=\"width: 100%;\" src=\"https:\/\/www.hc-sulzburg.de\/wp-content\/uploads\/Vereinsbild\/polen_plakat.jpg\" alt=\"\"><\/td><\/tr>\n<tr><td>2013<\/td><td>9.-12. Mai &#8211; 11. World Music Festival Innsbruck<br>Konzertorchester: 10. Platz, H\u00f6chststufe, Pr\u00e4dikat \u201ehervorragend&#8220;<\/td><\/tr>\n<tr><td>2013<\/td><td>14. April &#8211; 8. Waldbronner Musikpreis<br>Konzertorchester: 1. Platz, H\u00f6chststufe, Pr\u00e4dikat \u201ehervorragend&#8220;<br><img decoding=\"async\" class=\"wp-image-7407\" style=\"width: 100%;\" src=\"https:\/\/www.hc-sulzburg.de\/wp-content\/uploads\/Vereinsbild\/Waldbronn_2013.jpg\" alt=\"\"><\/td><\/tr>\n<tr><td>2013<\/td><td>26. Januar &#8211; Konzert zum 80. Jubil\u00e4um<\/td><\/tr>\n<tr><td>2012<\/td><td>1. Juni die neue Hompage hc-sulzburg.de ist aktiv <\/td><\/tr>\n<tr><td>2011<\/td><td>22.+23. Oktober &#8211; Kirchenkonzert \u201eKlassik in der Kirche\u201d<\/td><\/tr>\n<tr><td>2011<\/td><td>25. Mai &#8211; Bezirkswettbewerb in Heitersheim<br>Konzertorchester: 2. Platz, H\u00f6chststufe, Pr\u00e4dikat \u201ehervorragend\u201d<\/td><\/tr>\n<tr><td>2010<\/td><td>13.-16. Mai &#8211; \u201eWorld Music Festival\u201d in Innsbruck\/<br>Konzertorchester: H\u00f6chststufe, Pr\u00e4dikat \u201eausgezeichnet\u201d<\/td><\/tr>\n<tr><td>2009<\/td><td>6. Juni &#8211; Bezirkswettbewerb in Endingen<br>Konzertorchester: 1. Platz, H\u00f6chststufe, Pr\u00e4dikat \u201ehervorragend\u201d<br><img decoding=\"async\" class=\"wp-image-7407\" style=\"width: 100%;\" src=\"https:\/\/www.hc-sulzburg.de\/wp-content\/uploads\/Vereinsbild\/06_06_2009.jpg\" alt=\"\"><\/td><\/tr>\n<tr><td>2008<\/td><td>8.+9. November &#8211; Kirchenkonzert \u201eKlassik in der Kirche\u201d<\/td><\/tr>\n<tr><td>2008<\/td><td>26. April &#8211; Bunter Konzertabend zum 75-j\u00e4hrigen Jubil\u00e4um<br><img decoding=\"async\" class=\"wp-image-7407\" style=\"width: 100%;\" src=\"https:\/\/www.hc-sulzburg.de\/wp-content\/uploads\/Vereinsbild\/jugend_12_2017_k.jpg\" alt=\"\"><\/td><\/tr>\n<tr><td>2007<\/td><td>17.-20. Mai &#8211; World Music Festival in Innsbruck<br>Konzertorchester: H\u00f6chststufe, Pr\u00e4dikat \u201eausgezeichnet\u201d<br>Jugendorchester: Oberstufe, Pr\u00e4dikat \u201eausgezeichnet\u201d<\/td><\/tr>\n<tr><td>2005<\/td><td>16.+23. Oktober &#8211; Kirchenkonzert \u201eKlassik in der Kirche\u201d<\/td><\/tr>\n<tr><td>2005<\/td><td>17. April &#8211; Bezirkswettbewerb in Heitersheim<br>Konzertorchester: 1. Platz, H\u00f6chststufe (fr\u00fcher Kunststufe), Pr\u00e4dikat \u201ehervorragend\u201d<br>Jugendorchester: 1. Platz, Mittelstufe, Pr\u00e4dikat \u201ehervorragend\u201d<br><img decoding=\"async\" class=\"wp-image-7407\" style=\"width: 100%;\" src=\"https:\/\/www.hc-sulzburg.de\/wp-content\/uploads\/Vereinsbild\/17_04_2005.jpg\" alt=\"\"><\/td><\/tr>\n<tr><td>2004<\/td><td>10.-13. Juni &#8211; World Musik Festival in Innsbruck<br>Konzertorchester: 5. Platz, Oberstufe, Pr\u00e4dikat \u201ehervorragend\u201d<br>Jugendorchester: Mittelstufe, Pr\u00e4dikat \u201eausgezeichnet\u201d<br><img decoding=\"async\" class=\"wp-image-7407\" style=\"width: 100%;\" src=\"https:\/\/www.hc-sulzburg.de\/wp-content\/uploads\/Vereinsbild\/jugend_2004.jpg\" alt=\"\"><\/td><\/tr>\n<tr><td>2003<\/td><td>26.-27. Juni &#8211; Erstes Lichterfest&nbsp;\u201eKurpark in Flammen\u201d, das vom HC Sulzburg alleine konzipiert und alle zwei Jahre im Sommer ausgerichtet wird<\/td><\/tr>\n<tr><td>2003<\/td><td>30. M\u00e4rz &#8211; Bezirkswettbewerb in EmmendingenKonzertorchester: 1. Platz, Oberstufe, Pr\u00e4dikat \u201ehervorragend\u201d<br>Jugendorchester: Mittelstufe (fr\u00fcher Hauptstufe), Pr\u00e4dikat&nbsp; \u201eausgezeichnet\u201d<\/td><\/tr>\n<tr><td>2002<\/td><td>20.+26. Oktober &#8211; Kirchenkonzert \u201eKlassik in der Kirche&#8220;<\/td><\/tr>\n<tr><td>2001<\/td><td>24.-27. Mai &#8211; World Music Festival in Innsbruck<br>Konzertorchester: Oberstufe, Pr\u00e4dikat \u201eausgezeichnet\u201d<\/td><\/tr>\n<tr><td>2001<\/td><td>6. Mai &#8211; Bezirkswettbewerb in M\u00fcnstertal<br>Konzertorchester: 2. Platz, Oberstufe, Pr\u00e4dikat \u201ehervorragend\u201d<br>Jugendorchester: 1. Platz, Elementarstufe, Pr\u00e4dikat \u201eausgezeichnet\u201d<\/td><\/tr>\n<tr><td>2000<\/td><td>21.-22. Oktober &#8211; Unter dem Motto \u201eKlassik in der Kirche\u201d gestalten der HC&nbsp;Sulzburg und das AO Heitersheim erstmals&nbsp; anspruchsvolle Kirchenkonzerte in der Klosterkirche St. Cyriak in Sulzburg und in der Stadtkirche St. Bartholom\u00e4us in Heitersheim<\/td><\/tr>\n<tr><td>2000<\/td><td>29. Januar &#8211; Ehrendirigent Siegfried Deckler erh\u00e4lt die Ehrennadel des Landes Baden-W\u00fcrttemberg<\/td><\/tr>\n<tr><td>1999<\/td><td>25. April &#8211; Bezirkswettbewerb in Endingen<br>Stammorchester: 2. Platz, Oberstufe, Pr\u00e4dikat \u201ehervorragend\u201d<\/td><\/tr>\n<tr><td>1996<\/td><td>20. Oktober &#8211; Rudolf-W\u00fcrthner-Musik-Preis in Trossingen<br>Stammorchester: Oberstufe, Pr\u00e4dikat \u201egut\u201d<\/td><\/tr>\n<tr><td>1995<\/td><td>22.-24. Juli &#8211; Die Bewirtung an den Sulzburg-Laufener-Weinkurtagen kann erstmals mal in der eigenen Vereins-Laube stattfinden, welche in Eigenleistung entstanden ist<\/td><\/tr>\n<tr><td>1993<\/td><td>22.-24. Oktober &#8211; 60-j\u00e4hriges Gr\u00fcndungsjubil\u00e4um mit Bezirkswettbewerb<br>Konzertorchester: Kunststufe, Pr\u00e4dikat \u201eausgezeichnet\u201d<\/td><\/tr>\n<tr><td>1993<\/td><td>10. Oktober &#8211; Konzert in der Klosterkirche St. Cyriak anl\u00e4sslich der 1000-Jahr-Feierlichkeiten, der Erl\u00f6s kam St. Cyriak zugute<\/td><\/tr>\n<tr><td>1992<\/td><td>30. April &#8211; 4. Mai &#8211; World Music Festival in Innsbruck<br>Stammorchester: 7. Platz, Oberstufe, Pr\u00e4dikat \u201ehervorragend\u201d<br>Jugendorchester: 14. Platz, Hauptstufe, Pr\u00e4dikat \u201eausgezeichnet\u201d<br><img decoding=\"async\" class=\"wp-image-7407\" style=\"width: 100%;\" src=\"https:\/\/www.hc-sulzburg.de\/wp-content\/uploads\/Vereinsbild\/03_05_1992.jpg\" alt=\"\"><\/td><\/tr>\n<tr><td>1989<\/td><td>11. Mai &#8211; Aufnahmen des S\u00fcdwestfunks zur Sendereihe \u201eEin Verein stellt sich vor\u201d in der Schwarzwaldhalle&nbsp; (Sendung am 22.09.1990)<\/td><\/tr>\n<tr><td>1989<\/td><td>21.-22. April &#8211; Bezirkswettbewerb in Endingen<br>Konzertorchester: 2. Platz, Kunststufe, Pr\u00e4dikat \u201eausgezeichnet\u201d<br>Jugendorchester: Elementarstufe, Pr\u00e4dikat \u201eausgezeichnet\u201d<\/td><\/tr>\n<tr><td>1987<\/td><td>23.-24. Mai &#8211; Bezirkswettbewerb in Teningen<br>Stammorchester: 1. Platz, Oberstufe, Pr\u00e4dikat \u201ehervorragend\u201d<br>Jugendorchester: 4. Platz, Hauptstufe, Pr\u00e4dikat \u201esehr gut\u201d<\/td><\/tr>\n<tr><td>1986<\/td><td>1.-4. Mai &#8211; World Music Festival in Innsbruck<br>Stammorchester: 14. Platz, Oberstufe, Pr\u00e4dikat \u201eausgezeichnet\u201d<br>Jugendorchester: 4. Platz, Hauptstufe, Pr\u00e4dikat \u201ehervorragend\u201d<\/td><\/tr>\n<tr><td>1984<\/td><td>21.-23. Oktober &#8211; Landesmusiktage der Akkordeonjugend in Bruchsal (Wertungspiele)<\/td><\/tr>\n<tr><td>1984<\/td><td>27.-28. April &#8211; Bezirkswettbewerb in Bad Krozingen<br>Stammorchester: 2. Platz, Oberstufe, Pr\u00e4dikat \u201ehervorragend\u201d<br>Jugendorchester: 4. Platz, Vorstufe, Pr\u00e4dikat \u201eausgezeichnet\u201d<\/td><\/tr>\n<tr><td>1983<\/td><td>12.-15. Mai &#8211; Erstes World Music Festival in Innsbruck<br>Das Festival wird alle drei Jahre ausgerichtet<br>Stammorchester: 14. Platz, Oberstufe, Pr\u00e4dikat \u201eausgezeichnet\u201d<br>Jugendorchester: 4. Platz, Hauptstufe, Pr\u00e4dikat \u201eausgezeichnet\u201d<\/td><\/tr>\n<tr><td>1983<\/td><td>7.-8. Mai &#8211; Bezirkswettbewerb f\u00fcr Orchester und Solisten in Pfaffenweiler<br>Stammorchester: Oberstufe, Pr\u00e4dikat \u201eausgezeichnet\u201d<br>Jugendorchester: Hauptstufe, Pr\u00e4dikat \u201esehr gut\u201d<\/td><\/tr>\n<tr><td>1983<\/td><td>22.-23. April &#8211; Fest zum 50-j\u00e4hrigen Bestehen<br><img decoding=\"async\" class=\"wp-image-7407\" style=\"width: 100%;\" src=\"https:\/\/www.hc-sulzburg.de\/wp-content\/uploads\/Vereinsbild\/1983.jpg\" alt=\"\"><\/td><\/tr>\n<tr><td>1981<\/td><td>16.-17. Mai &#8211; Bezirkswettbewerb in Freiamt<br>Stammorchester: 2. Platz, Oberstufe, Pr\u00e4dikat \u201ehervorragend\u201d<br>Jugendorchester: 1. Platz, Hauptstufe, Pr\u00e4dikat \u201eausgezeichnet\u201d<\/td><\/tr>\n<tr><td>1981<\/td><td>28. M\u00e4rz &#8211; Jugendmusikwettbewerb Baden-W\u00fcrttemberg in Lahr<br>Jugendorchester: Hauptstufe, Pr\u00e4dikat \u201eausgezeichnet\u201d<\/td><\/tr>\n<tr><td>1978<\/td><td>2.-4. Juni &#8211; Fest anl\u00e4sslich des 45-j\u00e4hrigen Bestehens<br><img decoding=\"async\" class=\"wp-image-7407\" style=\"width: 100%;\" src=\"https:\/\/www.hc-sulzburg.de\/wp-content\/uploads\/Vereinsbild\/1978.jpg\" alt=\"\"><\/td><\/tr>\n<tr><td>1977<\/td><td>19.-20. M\u00e4rz &#8211; Bezirkswettbewerb in Ettenheim<br>Stammorchester: Pr\u00e4dikat \u201eausgezeichnet\u201d<br>Jugendorchester: Pr\u00e4dikat \u201eausgezeichnet\u201d<\/td><\/tr>\n<tr><td>1975<\/td><td>21.-22. Juni &#8211; Handharmonika-Weltfestival in Luzern<br>Stammorchester: 2. Platz, Hauptstufe, Pr\u00e4dikat \u201eausgezeichnet\u201d<\/td><\/tr>\n<tr><td>1974<\/td><td>im August &#8211; Erstmalige Ausrichtung der Sulzburg-Laufener Weinkurtage, j\u00e4hrliche Fortf\u00fchrung, ab 2000 als Sulzburger St\u00e4dtlefest<\/td><\/tr>\n<tr><td>1973<\/td><td>19.-20. Mai &#8211; Bezirkswettbewerb in M\u00fcnstertal<br>Stammorchester: 2. Platz, Oberstufe, Pr\u00e4dikat \u201ehervorragend\u201d<br>Jugendorchester: Pr\u00e4dikat \u201esehr gut\u201d<\/td><\/tr>\n<tr><td>1968<\/td><td>6.-7. Juli &#8211; Fest zum 35-j\u00e4hrigen Vereinsbestehen<\/td><\/tr>\n<tr><td>1968<\/td><td>7.-9. Juni &#8211; Harmonika-Weltfestival in Luzern<br>Stammorchester: 3. Platz, Hauptstufe, Pr\u00e4dikat \u201eausgezeichnet\u201d<\/td><\/tr>\n<tr><td>1967<\/td><td>14. Januar &#8211; Neue Satzung zur Umwandlung in einen \u201eeingetragenen Verein\u201d<\/td><\/tr>\n<tr><td>1966<\/td><td>11.-12. Juni &#8211; Wertungspiel in Wolfenweiler<br>Stammorchester: 3. Platz, Oberstufe, Pr\u00e4dikat \u201esehr gut\u201d<\/td><\/tr>\n<tr><td>1964<\/td><td>6.-7. Juni &#8211; Erstes Harmonika-Weltfestival in Luzern<br>Stammorchester: 2. Platz, Hauptstufe, Pr\u00e4dikat \u201eausgezeichnet\u201d<\/td><\/tr>\n<tr><td>1963<\/td><td>5.-7. Juli &#8211; 30-j\u00e4hriges Vereinsjubil\u00e4um im Dreschschopf mit Darbietungen des Handharmonika-Altmeisters Herrmann Schittenhelm<br><img decoding=\"async\" class=\"wp-image-7407\" style=\"width: 100%;\" src=\"https:\/\/www.hc-sulzburg.de\/wp-content\/uploads\/Vereinsbild\/15_06_1963.jpg\" alt=\"\"><\/td><\/tr>\n<tr><td>1958<\/td><td>19.-20. Juli &#8211; Festakt zum 25-j\u00e4hrigen Bestehen unter Mitwirkung des deutschen Akkordeonmeisters Hans Rauch<\/td><\/tr>\n<tr><td>1959<\/td><td>15. Februar &#8211; Ein Vereinszusammenschlu\u00df mit Dottingen scheitert<\/td><\/tr>\n<tr><td>1956<\/td><td>1. Juli &#8211; Bezirkswettbewerb in Ettenheim<\/td><\/tr>\n<tr><td>1955<\/td><td>13. August &#8211; Wiederkonstituierung des Vereins<\/td><\/tr>\n<tr><td>1939<\/td><td>1. September &#8211; Ausbruch des 2. Weltkriegs<\/td><\/tr>\n<tr><td>1939<\/td><td>3.-5. Juni &#8211; Gau-Musikfest in Freiburg (Wertungsspiel)<\/td><\/tr>\n<tr><td>1937<\/td><td>5.-7. Juni &#8211; Fest der deutschen Volksmusik in Karlsruhe (Wertungsspiel)<img decoding=\"async\" class=\"wp-image-7407\" style=\"width: 100%;\" src=\"https:\/\/www.hc-sulzburg.de\/wp-content\/uploads\/Vereinsbild\/urkunde1937.jpg\" alt=\"\"><\/td><\/tr>\n<tr><td>1936<\/td><td>im Juli &#8211; Bezirkswettbewerb in Freiburg St.&nbsp;Georgen<br><img decoding=\"async\" class=\"wp-image-7407\" style=\"width: 100%;\" src=\"https:\/\/www.hc-sulzburg.de\/wp-content\/uploads\/Vereinsbild\/1936.jpg\" alt=\"\"><\/td><\/tr>\n<tr><td>1933<\/td><td>26. Dezember &#8211; Erstes Konzert<\/td><\/tr>\n<tr><td>1933<\/td><td>im Juli &#8211; Vereinsgr\u00fcndung des HC Sulzburg auf Initiative von Friedrich Kuny&nbsp;\u2020 nach dessen bestandener Pr\u00fcfung zum Diplom-Handharmonikalehrer an der Musikschule Trossingen<\/td><\/tr>\n<tr><td>1931<\/td><td>28. M\u00e4rz &#8211; Gr\u00fcndung des Deutschen Harmonika-Verbandes (DHV)<\/td><\/tr>\n<tr><td>1927<\/td><td>10. M\u00e4rz &#8211; Gr\u00fcndung des weltweit ersten Akkordeonorchesters durch Dr. Ernst Hohner in Trossingen<\/td><\/tr>\n<\/tbody>\n<\/table>\n<\/figure>\n","protected":false},"excerpt":{"rendered":"<p>Das Akkordeonorchester ist gemessen an einem Sinfonie- oder Blasmusikorchester noch ein junger und unentdeckter Klangk\u00f6rper. Hier eine kurzer Abriss der Akkordeon Gechichte Die Wurzeln lassen sich auf das Werksorchester der Instrumentenmanufaktur Matthias Hohner AG zur\u00fcckf\u00fchren. Hermann Schittenhelm war der erste &hellip; <a href=\"https:\/\/www.hc-sulzburg.de\/?page_id=133\">Weiterlesen <span class=\"meta-nav\">&rarr;<\/span><\/a><\/p>\n","protected":false},"author":53,"featured_media":7953,"parent":0,"menu_order":0,"comment_status":"closed","ping_status":"closed","template":"sidebar-page.php","meta":{"footnotes":""},"class_list":["post-133","page","type-page","status-publish","has-post-thumbnail","hentry"],"publishpress_future_action":{"enabled":false,"date":"2026-05-08 15:52:50","action":"change-status","newStatus":"draft","terms":[],"taxonomy":"","extraData":[]},"publishpress_future_workflow_manual_trigger":{"enabledWorkflows":[]},"_links":{"self":[{"href":"https:\/\/www.hc-sulzburg.de\/index.php?rest_route=\/wp\/v2\/pages\/133","targetHints":{"allow":["GET"]}}],"collection":[{"href":"https:\/\/www.hc-sulzburg.de\/index.php?rest_route=\/wp\/v2\/pages"}],"about":[{"href":"https:\/\/www.hc-sulzburg.de\/index.php?rest_route=\/wp\/v2\/types\/page"}],"author":[{"embeddable":true,"href":"https:\/\/www.hc-sulzburg.de\/index.php?rest_route=\/wp\/v2\/users\/53"}],"replies":[{"embeddable":true,"href":"https:\/\/www.hc-sulzburg.de\/index.php?rest_route=%2Fwp%2Fv2%2Fcomments&post=133"}],"version-history":[{"count":0,"href":"https:\/\/www.hc-sulzburg.de\/index.php?rest_route=\/wp\/v2\/pages\/133\/revisions"}],"wp:featuredmedia":[{"embeddable":true,"href":"https:\/\/www.hc-sulzburg.de\/index.php?rest_route=\/wp\/v2\/media\/7953"}],"wp:attachment":[{"href":"https:\/\/www.hc-sulzburg.de\/index.php?rest_route=%2Fwp%2Fv2%2Fmedia&parent=133"}],"curies":[{"name":"wp","href":"https:\/\/api.w.org\/{rel}","templated":true}]}}